{"id":59,"date":"2023-03-25T09:06:27","date_gmt":"2023-03-25T12:06:27","guid":{"rendered":"https:\/\/www.acsc.com.br\/santacatarina\/?page_id=59"},"modified":"2023-08-09T19:53:17","modified_gmt":"2023-08-09T22:53:17","slug":"projeto-de-ferias","status":"publish","type":"page","link":"https:\/\/www.acsc.com.br\/santacatarina\/projeto-de-ferias\/","title":{"rendered":"Projeto de F\u00e9rias"},"content":{"rendered":"<p style=\"text-align: justify;\">Durante todo o ano as fam\u00edlias est\u00e3o envolvidas em rotinas cronometradas e com a chegada das f\u00e9rias, muitas encontram dificuldades em gerenciar o tempo das crian\u00e7as, seja por conta do trabalho ou pela quantidade de dias livres, em que mesmo em viagens as crian\u00e7as tendem a ficar entediadas.<\/p>\n<p style=\"text-align: justify;\">Intencionando uma rotina, mesmo em dias de folga, o Col\u00e9gio Santa Catarina oferece para os alunos, na faixa et\u00e1ria entre 3 e 10 anos, um local seguro e aconchegante, com uma equipe profissional acolhedora e preparada para receber e cuidar das crian\u00e7as nos meses de janeiro e julho (alunos e crian\u00e7as da comunidade), no per\u00edodo de recesso.<\/p>\n<p style=\"text-align: justify;\">O objetivo desses momentos \u00e9 oferecer atividades que proporcionam intera\u00e7\u00e3o, divers\u00e3o e participa\u00e7\u00e3o em atividades f\u00edsicas e recreativas, com propostas desenvolvidas para cada faixa et\u00e1ria, entre elas: atividades l\u00fadicas, inform\u00e1tica, piscina, culin\u00e1ria, conta\u00e7\u00e3o de hist\u00f3rias e show de talentos.<\/p>\n<p style=\"text-align: justify;\">Venha conosco envolver o seu filho em um planejamento de f\u00e9rias, garantindo a ele, momentos inesquec\u00edveis.<\/p>\n<p>&nbsp;<\/p>\n<div class=\"w-gallery cols_6 link_file\"><div class=\"w-gallery-list\"><a class=\"w-gallery-item order_1\" href=\"https:\/\/www.acsc.com.br\/santacatarina\/wp-content\/uploads\/sites\/2\/2023\/08\/PROJETO-DE-FERIAS-FEED-01.png\" title=\"PROJETO DE FERIAS FEED-01\"><div class=\"w-gallery-item-img\"><img loading=\"lazy\" decoding=\"async\" width=\"1777\" height=\"2210\" src=\"https:\/\/www.acsc.com.br\/santacatarina\/wp-content\/uploads\/sites\/2\/2023\/08\/PROJETO-DE-FERIAS-FEED-01.png\" class=\"attachment-full size-full\" alt=\"\" srcset=\"https:\/\/www.acsc.com.br\/santacatarina\/wp-content\/uploads\/sites\/2\/2023\/08\/PROJETO-DE-FERIAS-FEED-01.png 1777w, https:\/\/www.acsc.com.br\/santacatarina\/wp-content\/uploads\/sites\/2\/2023\/08\/PROJETO-DE-FERIAS-FEED-01-241x300.png 241w, https:\/\/www.acsc.com.br\/santacatarina\/wp-content\/uploads\/sites\/2\/2023\/08\/PROJETO-DE-FERIAS-FEED-01-823x1024.png 823w\" sizes=\"auto, (max-width: 1777px) 100vw, 1777px\" \/><\/div><\/a><a class=\"w-gallery-item order_2\" href=\"https:\/\/www.acsc.com.br\/santacatarina\/wp-content\/uploads\/sites\/2\/2023\/08\/PROJETO-DE-FERIAS-FEED-02.png\" title=\"PROJETO DE FERIAS FEED-02\"><div class=\"w-gallery-item-img\"><img loading=\"lazy\" decoding=\"async\" width=\"1777\" height=\"2210\" src=\"https:\/\/www.acsc.com.br\/santacatarina\/wp-content\/uploads\/sites\/2\/2023\/08\/PROJETO-DE-FERIAS-FEED-02.png\" class=\"attachment-full size-full\" alt=\"\" srcset=\"https:\/\/www.acsc.com.br\/santacatarina\/wp-content\/uploads\/sites\/2\/2023\/08\/PROJETO-DE-FERIAS-FEED-02.png 1777w, https:\/\/www.acsc.com.br\/santacatarina\/wp-content\/uploads\/sites\/2\/2023\/08\/PROJETO-DE-FERIAS-FEED-02-241x300.png 241w, https:\/\/www.acsc.com.br\/santacatarina\/wp-content\/uploads\/sites\/2\/2023\/08\/PROJETO-DE-FERIAS-FEED-02-823x1024.png 823w\" sizes=\"auto, (max-width: 1777px) 100vw, 1777px\" \/><\/div><\/a><a class=\"w-gallery-item order_3\" href=\"https:\/\/www.acsc.com.br\/santacatarina\/wp-content\/uploads\/sites\/2\/2023\/08\/PROJETO-DE-FERIAS-FEED-03.png\" title=\"PROJETO DE FERIAS FEED-03\"><div class=\"w-gallery-item-img\"><img loading=\"lazy\" decoding=\"async\" width=\"1777\" height=\"2210\" src=\"https:\/\/www.acsc.com.br\/santacatarina\/wp-content\/uploads\/sites\/2\/2023\/08\/PROJETO-DE-FERIAS-FEED-03.png\" class=\"attachment-full size-full\" alt=\"\" srcset=\"https:\/\/www.acsc.com.br\/santacatarina\/wp-content\/uploads\/sites\/2\/2023\/08\/PROJETO-DE-FERIAS-FEED-03.png 1777w, https:\/\/www.acsc.com.br\/santacatarina\/wp-content\/uploads\/sites\/2\/2023\/08\/PROJETO-DE-FERIAS-FEED-03-241x300.png 241w, https:\/\/www.acsc.com.br\/santacatarina\/wp-content\/uploads\/sites\/2\/2023\/08\/PROJETO-DE-FERIAS-FEED-03-823x1024.png 823w\" sizes=\"auto, (max-width: 1777px) 100vw, 1777px\" \/><\/div><\/a><a class=\"w-gallery-item order_4\" href=\"https:\/\/www.acsc.com.br\/santacatarina\/wp-content\/uploads\/sites\/2\/2023\/08\/PROJETO-DE-FERIAS-FEED-04.png\" title=\"PROJETO DE FERIAS FEED-04\"><div class=\"w-gallery-item-img\"><img loading=\"lazy\" decoding=\"async\" width=\"1777\" height=\"2210\" src=\"https:\/\/www.acsc.com.br\/santacatarina\/wp-content\/uploads\/sites\/2\/2023\/08\/PROJETO-DE-FERIAS-FEED-04.png\" class=\"attachment-full size-full\" alt=\"\" srcset=\"https:\/\/www.acsc.com.br\/santacatarina\/wp-content\/uploads\/sites\/2\/2023\/08\/PROJETO-DE-FERIAS-FEED-04.png 1777w, https:\/\/www.acsc.com.br\/santacatarina\/wp-content\/uploads\/sites\/2\/2023\/08\/PROJETO-DE-FERIAS-FEED-04-241x300.png 241w, https:\/\/www.acsc.com.br\/santacatarina\/wp-content\/uploads\/sites\/2\/2023\/08\/PROJETO-DE-FERIAS-FEED-04-823x1024.png 823w\" sizes=\"auto, (max-width: 1777px) 100vw, 1777px\" \/><\/div><\/a><a class=\"w-gallery-item order_5\" href=\"https:\/\/www.acsc.com.br\/santacatarina\/wp-content\/uploads\/sites\/2\/2023\/08\/PROJETO-DE-FERIAS-FEED-05.png\" title=\"PROJETO DE FERIAS FEED-05\"><div class=\"w-gallery-item-img\"><img loading=\"lazy\" decoding=\"async\" width=\"1777\" height=\"2210\" src=\"https:\/\/www.acsc.com.br\/santacatarina\/wp-content\/uploads\/sites\/2\/2023\/08\/PROJETO-DE-FERIAS-FEED-05.png\" class=\"attachment-full size-full\" alt=\"\" srcset=\"https:\/\/www.acsc.com.br\/santacatarina\/wp-content\/uploads\/sites\/2\/2023\/08\/PROJETO-DE-FERIAS-FEED-05.png 1777w, https:\/\/www.acsc.com.br\/santacatarina\/wp-content\/uploads\/sites\/2\/2023\/08\/PROJETO-DE-FERIAS-FEED-05-241x300.png 241w, https:\/\/www.acsc.com.br\/santacatarina\/wp-content\/uploads\/sites\/2\/2023\/08\/PROJETO-DE-FERIAS-FEED-05-823x1024.png 823w\" sizes=\"auto, (max-width: 1777px) 100vw, 1777px\" \/><\/div><\/a><a class=\"w-gallery-item order_6\" href=\"https:\/\/www.acsc.com.br\/santacatarina\/wp-content\/uploads\/sites\/2\/2023\/08\/PROJETO-DE-FERIAS-FEED-06.png\" title=\"PROJETO DE FERIAS FEED-06\"><div class=\"w-gallery-item-img\"><img loading=\"lazy\" decoding=\"async\" width=\"1777\" height=\"2210\" src=\"https:\/\/www.acsc.com.br\/santacatarina\/wp-content\/uploads\/sites\/2\/2023\/08\/PROJETO-DE-FERIAS-FEED-06.png\" class=\"attachment-full size-full\" alt=\"\" srcset=\"https:\/\/www.acsc.com.br\/santacatarina\/wp-content\/uploads\/sites\/2\/2023\/08\/PROJETO-DE-FERIAS-FEED-06.png 1777w, https:\/\/www.acsc.com.br\/santacatarina\/wp-content\/uploads\/sites\/2\/2023\/08\/PROJETO-DE-FERIAS-FEED-06-241x300.png 241w, https:\/\/www.acsc.com.br\/santacatarina\/wp-content\/uploads\/sites\/2\/2023\/08\/PROJETO-DE-FERIAS-FEED-06-823x1024.png 823w\" sizes=\"auto, (max-width: 1777px) 100vw, 1777px\" \/><\/div><\/a><\/div><\/div>\n","protected":false},"excerpt":{"rendered":"<p>Durante todo o ano as fam\u00edlias est\u00e3o envolvidas em rotinas cronometradas e com a chegada das f\u00e9rias, muitas encontram dificuldades em gerenciar o tempo das crian\u00e7as, seja por conta do trabalho ou pela quantidade de dias livres, em que mesmo em viagens as crian\u00e7as tendem a ficar entediadas. Intencionando uma rotina, mesmo em dias de&#8230;<\/p>\n","protected":false},"author":1,"featured_media":0,"parent":0,"menu_order":0,"comment_status":"closed","ping_status":"closed","template":"","meta":{"_acf_changed":false,"footnotes":""},"class_list":["post-59","page","type-page","status-publish","hentry"],"acf":[],"_links":{"self":[{"href":"https:\/\/www.acsc.com.br\/santacatarina\/wp-json\/wp\/v2\/pages\/59","targetHints":{"allow":["GET"]}}],"collection":[{"href":"https:\/\/www.acsc.com.br\/santacatarina\/wp-json\/wp\/v2\/pages"}],"about":[{"href":"https:\/\/www.acsc.com.br\/santacatarina\/wp-json\/wp\/v2\/types\/page"}],"author":[{"embeddable":true,"href":"https:\/\/www.acsc.com.br\/santacatarina\/wp-json\/wp\/v2\/users\/1"}],"replies":[{"embeddable":true,"href":"https:\/\/www.acsc.com.br\/santacatarina\/wp-json\/wp\/v2\/comments?post=59"}],"version-history":[{"count":7,"href":"https:\/\/www.acsc.com.br\/santacatarina\/wp-json\/wp\/v2\/pages\/59\/revisions"}],"predecessor-version":[{"id":395,"href":"https:\/\/www.acsc.com.br\/santacatarina\/wp-json\/wp\/v2\/pages\/59\/revisions\/395"}],"wp:attachment":[{"href":"https:\/\/www.acsc.com.br\/santacatarina\/wp-json\/wp\/v2\/media?parent=59"}],"curies":[{"name":"wp","href":"https:\/\/api.w.org\/{rel}","templated":true}]}}