{"id":33,"date":"2023-03-25T09:04:34","date_gmt":"2023-03-25T12:04:34","guid":{"rendered":"https:\/\/www.acsc.com.br\/santacatarina\/?page_id=33"},"modified":"2025-05-09T09:46:00","modified_gmt":"2025-05-09T12:46:00","slug":"ensino-fundamental-anos-finais","status":"publish","type":"page","link":"https:\/\/www.acsc.com.br\/santacatarina\/ensino-fundamental-anos-finais\/","title":{"rendered":"Ensino Fundamental &#8211; Anos Finais"},"content":{"rendered":"<section class=\"l-section wpb_row height_medium\"><div class=\"l-section-h i-cf\"><div class=\"g-cols vc_row via_grid cols_1 laptops-cols_inherit tablets-cols_inherit mobiles-cols_1 valign_top type_default stacking_default\"><div class=\"wpb_column vc_column_container\"><div class=\"vc_column-inner\"><div class=\"wpb_text_column\"><div class=\"wpb_wrapper\"><p style=\"text-align: justify;\"><b>Ensino Fundamental II<br \/>\n<\/b><span style=\"font-weight: 400;\">O processo de ensino-aprendizagem \u00e9 o instrumento mais importante no preparo do ser humano para o futuro. O Col\u00e9gio Santa Catarina, considerando fundamental a forma\u00e7\u00e3o pessoal e acad\u00eamica do indiv\u00edduo, mant\u00e9m propostas que desenvolvem a capacidade de reflex\u00e3o e a\u00e7\u00e3o, atrav\u00e9s do respeito e da \u00e9tica, fundamentais na forma\u00e7\u00e3o de pessoas conscientes e de atua\u00e7\u00e3o social respons\u00e1vel.<\/span><\/p>\n<p style=\"text-align: justify;\"><span style=\"font-weight: 400;\">Nos anos finais do Ensino Fundamental (5\u00ba ao 9\u00ba ano), temos professores pluridocentes que realizam o ensino de mat\u00e9rias espec\u00edficas de cada \u00e1rea de conhecimento.<\/span> <span style=\"font-weight: 400;\">O processo de ensino-aprendizagem \u00e9 o instrumento mais importante no preparo do ser humano para o futuro. O Col\u00e9gio Santa Catarina, considerando fundamental a forma\u00e7\u00e3o pessoal e acad\u00eamica do indiv\u00edduo, mant\u00e9m propostas que desenvolvem a capacidade de reflex\u00e3o e a\u00e7\u00e3o, atrav\u00e9s do respeito e da \u00e9tica, fundamentais na forma\u00e7\u00e3o de pessoas conscientes e de atua\u00e7\u00e3o social respons\u00e1vel.<\/span><\/p>\n<p style=\"text-align: justify;\"><strong>Mind Makers<br \/>\n<\/strong>No Ensino Fundamental II, o projeto Mind Makers desafia os alunos a aplicarem conceitos de Mundo Computacional em atividades pr\u00e1ticas e inovadoras. Por meio da programa\u00e7\u00e3o e da rob\u00f3tica, eles constroem solu\u00e7\u00f5es criativas para problemas do dia a dia, desenvolvendo o pensamento l\u00f3gico, a experimenta\u00e7\u00e3o e a capacidade de resolver desafios de forma aut\u00f4noma.<\/p>\n<p style=\"text-align: justify;\">As atividades envolvem desde a cria\u00e7\u00e3o de algoritmos at\u00e9 a constru\u00e7\u00e3o de circuitos e sistemas automatizados, estimulando a colabora\u00e7\u00e3o, o racioc\u00ednio cr\u00edtico e a inova\u00e7\u00e3o. Tornando a tecnologia uma aliada no desenvolvimento intelectual, preparando os alunos para um futuro conectado e cheio de possibilidades.<\/p>\n<\/div><\/div><div class=\"w-separator size_medium\"><\/div><div class=\"w-btn-wrapper align_left\"><a class=\"w-btn us-btn-style_1 icon_atleft\" href=\"https:\/\/www.acsc.com.br\/santacatarina\/wp-content\/uploads\/sites\/2\/2025\/05\/Padroes-Curriculares-Mind-Makers.pdf\"><i class=\"fas fa-fas fa-file-pdf\"><\/i><span class=\"w-btn-label\">Padr\u00f5es Curriculares \u2013 Mind Makers<\/span><\/a><\/div><div class=\"w-separator size_medium\"><\/div><div class=\"wpb_text_column\"><div class=\"wpb_wrapper\"><p style=\"text-align: justify;\"><b>Hor\u00e1rios<br \/>\n<\/b><b>Anos Finais:<\/b><span style=\"font-weight: 400;\"> Manh\u00e3 \u2013 7h20min \u00e0s 11h50min \/ Tarde \u2013 13h15min \u00e0s 17h40min<\/span><\/p>\n<p style=\"text-align: justify;\"><b>Sa\u00eddas de Estudo<br \/>\n<\/b><span style=\"font-weight: 400;\">Proporcionamos aos alunos momentos diversos de intera\u00e7\u00e3o com a cultura, locais hist\u00f3ricos e com o meio ambiente. \u00c9 vivenciando que a aprendizagem acontece.<\/span><\/p>\n<p style=\"text-align: justify;\"><b>Orienta\u00e7\u00e3o Vocacional e Profissional<br \/>\n<\/b><span style=\"font-weight: 400;\">Para as turmas de nonos anos ser\u00e3o oportunizados encontros de forma\u00e7\u00e3o que promover\u00e3o a orienta\u00e7\u00e3o sobre o mercado de trabalho e cursos t\u00e9cnicos, possibilitando ao aluno autonomia para planejar uma poss\u00edvel carreira.<\/span><\/p>\n<p style=\"text-align: justify;\"><b>Simulados<br \/>\n<\/b><span style=\"font-weight: 400;\">Ocorrem semestralmente a partir do 6\u00ba ano do Ensino Fundamental.<\/span><\/p>\n<p style=\"text-align: justify;\"><b>Projeto de Aux\u00edlio \u00e0 Aprendizagem (PAA)<br \/>\n<\/b><span style=\"font-weight: 400;\">Atendimentos em turno contr\u00e1rio, em hor\u00e1rios especiais com professores especializados em L\u00edngua Portuguesa e Matem\u00e1tica, a partir do 5\u00ba ano.<\/span><\/p>\n<p style=\"text-align: justify;\"><b>Mostra Multidisciplinar<br \/>\n<\/b><span style=\"font-weight: 400;\">Mostra de Inicia\u00e7\u00e3o Cient\u00edfica e Tecnol\u00f3gica que ocorre anualmente, dentro do ambiente escolar, favorecendo a pesquisa, o senso cr\u00edtico, trabalho em equipe e a an\u00e1lise do papel do indiv\u00edduo na sociedade, atrav\u00e9s de processos de interven\u00e7\u00e3o positiva.<\/span><\/p>\n<p style=\"text-align: justify;\"><b>Monitoria<br \/>\n<\/b><span style=\"font-weight: 400;\">Atividade exercida por alunos destinada a alunos das turmas dos Anos Finais do Ensino Fundamental e M\u00e9dio que encontram alguma dificuldade de aprendizagem. Para ser um monitor, o aluno precisa demonstrar dom\u00ednio de conte\u00fado, apresentar boa conduta escolar e participar de um processo seletivo que poder\u00e1 ocorrer durante o ano letivo.<\/span><\/p>\n<div class=\"w-gallery cols_5 link_file\"><div class=\"w-gallery-list\"><a class=\"w-gallery-item order_1\" href=\"https:\/\/www.acsc.com.br\/santacatarina\/wp-content\/uploads\/sites\/2\/2023\/08\/DSC04659-1.jpg\" title=\"DSC04659 (1)\"><div class=\"w-gallery-item-img\"><img loading=\"lazy\" decoding=\"async\" width=\"150\" height=\"150\" src=\"https:\/\/www.acsc.com.br\/santacatarina\/wp-content\/uploads\/sites\/2\/2023\/08\/DSC04659-1-150x150.jpg\" class=\"attachment-thumbnail size-thumbnail\" alt=\"\" \/><\/div><\/a><a class=\"w-gallery-item order_2\" href=\"https:\/\/www.acsc.com.br\/santacatarina\/wp-content\/uploads\/sites\/2\/2023\/08\/DSC04484.jpg\" title=\"DSC04484\"><div class=\"w-gallery-item-img\"><img loading=\"lazy\" decoding=\"async\" width=\"150\" height=\"150\" src=\"https:\/\/www.acsc.com.br\/santacatarina\/wp-content\/uploads\/sites\/2\/2023\/08\/DSC04484-150x150.jpg\" class=\"attachment-thumbnail size-thumbnail\" alt=\"\" \/><\/div><\/a><a class=\"w-gallery-item order_3\" href=\"https:\/\/www.acsc.com.br\/santacatarina\/wp-content\/uploads\/sites\/2\/2023\/08\/DSC04481.jpg\" title=\"DSC04481\"><div class=\"w-gallery-item-img\"><img loading=\"lazy\" decoding=\"async\" width=\"150\" height=\"150\" src=\"https:\/\/www.acsc.com.br\/santacatarina\/wp-content\/uploads\/sites\/2\/2023\/08\/DSC04481-150x150.jpg\" class=\"attachment-thumbnail size-thumbnail\" alt=\"\" \/><\/div><\/a><a class=\"w-gallery-item order_4\" href=\"https:\/\/www.acsc.com.br\/santacatarina\/wp-content\/uploads\/sites\/2\/2023\/08\/DSC04499.jpg\" title=\"DSC04499\"><div class=\"w-gallery-item-img\"><img loading=\"lazy\" decoding=\"async\" width=\"150\" height=\"150\" src=\"https:\/\/www.acsc.com.br\/santacatarina\/wp-content\/uploads\/sites\/2\/2023\/08\/DSC04499-150x150.jpg\" class=\"attachment-thumbnail size-thumbnail\" alt=\"\" \/><\/div><\/a><\/div><\/div>\n<\/div><\/div><\/div><\/div><\/div><\/div><\/section>\n","protected":false},"excerpt":{"rendered":"Ensino Fundamental II O processo de ensino-aprendizagem \u00e9 o instrumento mais importante no preparo do ser humano para o futuro. O Col\u00e9gio Santa Catarina, considerando fundamental a forma\u00e7\u00e3o pessoal e acad\u00eamica do indiv\u00edduo, mant\u00e9m propostas que desenvolvem a capacidade de reflex\u00e3o e a\u00e7\u00e3o, atrav\u00e9s do respeito e da \u00e9tica, fundamentais na forma\u00e7\u00e3o de pessoas conscientes...","protected":false},"author":1,"featured_media":0,"parent":0,"menu_order":0,"comment_status":"closed","ping_status":"closed","template":"","meta":{"_acf_changed":false,"footnotes":""},"class_list":["post-33","page","type-page","status-publish","hentry"],"acf":[],"_links":{"self":[{"href":"https:\/\/www.acsc.com.br\/santacatarina\/wp-json\/wp\/v2\/pages\/33","targetHints":{"allow":["GET"]}}],"collection":[{"href":"https:\/\/www.acsc.com.br\/santacatarina\/wp-json\/wp\/v2\/pages"}],"about":[{"href":"https:\/\/www.acsc.com.br\/santacatarina\/wp-json\/wp\/v2\/types\/page"}],"author":[{"embeddable":true,"href":"https:\/\/www.acsc.com.br\/santacatarina\/wp-json\/wp\/v2\/users\/1"}],"replies":[{"embeddable":true,"href":"https:\/\/www.acsc.com.br\/santacatarina\/wp-json\/wp\/v2\/comments?post=33"}],"version-history":[{"count":10,"href":"https:\/\/www.acsc.com.br\/santacatarina\/wp-json\/wp\/v2\/pages\/33\/revisions"}],"predecessor-version":[{"id":1245,"href":"https:\/\/www.acsc.com.br\/santacatarina\/wp-json\/wp\/v2\/pages\/33\/revisions\/1245"}],"wp:attachment":[{"href":"https:\/\/www.acsc.com.br\/santacatarina\/wp-json\/wp\/v2\/media?parent=33"}],"curies":[{"name":"wp","href":"https:\/\/api.w.org\/{rel}","templated":true}]}}