{"id":31,"date":"2023-03-25T09:04:26","date_gmt":"2023-03-25T12:04:26","guid":{"rendered":"https:\/\/www.acsc.com.br\/santacatarina\/?page_id=31"},"modified":"2025-05-09T09:43:22","modified_gmt":"2025-05-09T12:43:22","slug":"ensino-fundamental-anos-iniciais","status":"publish","type":"page","link":"https:\/\/www.acsc.com.br\/santacatarina\/ensino-fundamental-anos-iniciais\/","title":{"rendered":"Ensino Fundamental &#8211; Anos Iniciais"},"content":{"rendered":"<section class=\"l-section wpb_row height_medium\"><div class=\"l-section-h i-cf\"><div class=\"g-cols vc_row via_grid cols_1 laptops-cols_inherit tablets-cols_inherit mobiles-cols_1 valign_top type_default stacking_default\"><div class=\"wpb_column vc_column_container\"><div class=\"vc_column-inner\"><div class=\"wpb_text_column\"><div class=\"wpb_wrapper\"><p style=\"text-align: justify;\"><b>Ensino Fundamental I<br \/>\n<\/b><span style=\"font-weight: 400;\">O processo de ensino-aprendizagem \u00e9 o instrumento mais importante no preparo do ser humano para o futuro. O Col\u00e9gio Santa Catarina, considerando fundamental a forma\u00e7\u00e3o pessoal e acad\u00eamica do indiv\u00edduo, mant\u00e9m propostas que desenvolvem a capacidade de reflex\u00e3o e a\u00e7\u00e3o, atrav\u00e9s do respeito e da \u00e9tica, fundamentais na forma\u00e7\u00e3o de pessoas conscientes e de atua\u00e7\u00e3o social respons\u00e1vel.<\/span><\/p>\n<p style=\"text-align: justify;\"><span style=\"font-weight: 400;\">Nos anos iniciais (1\u00ba ao 4\u00baano) os alunos possuem um professor unidocente que realiza o ensino das mat\u00e9rias fundamentais para a grade curricular de forma\u00e7\u00e3o. Al\u00e9m disso, contamos com o diferencial de ter professores que lecionam \u00e1reas exclusivas aos pequenos, como: ingl\u00eas e m\u00fasica. Para que o aluno consiga desenvolver habilidades desde os anos iniciais em mat\u00e9rias que ir\u00e3o agregar o seu aprendizado futuramente.\u00a0<\/span><\/p>\n<p style=\"text-align: justify;\"><span style=\"font-weight: 400;\">Este nivelamento tamb\u00e9m conta com aulas de nata\u00e7\u00e3o no Complexo de Piscinas uma vez por semana, permitindo que o aluno pratique atividades l\u00fadicas e recreativas envolvendo a quest\u00e3o da \u00e1gua, praticando a sua capacidade motora.<\/span><\/p>\n<p style=\"text-align: justify;\"><strong>Mind Makers<br \/>\n<\/strong>Nos Anos Iniciais, os alunos participam do projeto Mind Makers por meio da disciplina de Mundo Computacional. Com atividades pr\u00e1ticas e desafios interativos, eles desenvolvem o pensamento l\u00f3gico, a criatividade e a resolu\u00e7\u00e3o de problemas, consolidando as bases do racioc\u00ednio computacional de forma din\u00e2mica e envolvente.<\/p>\n<p style=\"text-align: justify;\">Al\u00e9m de promover a familiariza\u00e7\u00e3o com a tecnologia, essa abordagem estimula habilidades essenciais, como trabalho em equipe, autonomia e pensamento cr\u00edtico, preparando os estudantes para um mundo cada vez mais digital.<\/p>\n<\/div><\/div><div class=\"w-separator size_medium\"><\/div><div class=\"w-btn-wrapper align_left\"><a class=\"w-btn us-btn-style_1 icon_atleft\" href=\"https:\/\/www.acsc.com.br\/santacatarina\/wp-content\/uploads\/sites\/2\/2025\/05\/Padroes-Curriculares-Mind-Makers.pdf\"><i class=\"fas fa-fas fa-file-pdf\"><\/i><span class=\"w-btn-label\">Padr\u00f5es Curriculares \u2013 Mind Makers<\/span><\/a><\/div><div class=\"w-separator size_medium\"><\/div><div class=\"wpb_text_column\"><div class=\"wpb_wrapper\"><p style=\"text-align: justify;\"><b>Hor\u00e1rios<br \/>\n<\/b><b><\/b><b>Anos Iniciais:<\/b><span style=\"font-weight: 400;\"> Manh\u00e3 \u2013 7h20min \u00e0s 11h45min \/ Tarde \u2013 13h15min \u00e0s 17h40min<\/span><\/p>\n<p style=\"text-align: justify;\"><b>Sa\u00eddas de Estudo<br \/>\n<\/b><span style=\"font-weight: 400;\">Proporcionamos aos alunos momentos diversos de intera\u00e7\u00e3o com a cultura, locais hist\u00f3ricos e com o meio ambiente. \u00c9 vivenciando que a aprendizagem acontece.<\/span><\/p>\n<p style=\"text-align: justify;\"><b>Orienta\u00e7\u00e3o Vocacional e Profissional<br \/>\n<\/b><span style=\"font-weight: 400;\">Para as turmas de nonos anos ser\u00e3o oportunizados encontros de forma\u00e7\u00e3o que promover\u00e3o a orienta\u00e7\u00e3o sobre o mercado de trabalho e cursos t\u00e9cnicos, possibilitando ao aluno autonomia para planejar uma poss\u00edvel carreira.<\/span><\/p>\n<p style=\"text-align: justify;\"><b>Mostra Multidisciplinar<br \/>\n<\/b><span style=\"font-weight: 400;\">Mostra de Inicia\u00e7\u00e3o Cient\u00edfica e Tecnol\u00f3gica que ocorre anualmente, dentro do ambiente escolar, favorecendo a pesquisa, o senso cr\u00edtico, trabalho em equipe e a an\u00e1lise do papel do indiv\u00edduo na sociedade, atrav\u00e9s de processos de interven\u00e7\u00e3o positiva.<\/span><\/p>\n<div class=\"w-gallery cols_5 link_file\"><div class=\"w-gallery-list\"><a class=\"w-gallery-item order_1\" href=\"https:\/\/www.acsc.com.br\/santacatarina\/wp-content\/uploads\/sites\/2\/2023\/08\/DSC04755.jpg\" title=\"DSC04755\"><div class=\"w-gallery-item-img\"><img loading=\"lazy\" decoding=\"async\" width=\"150\" height=\"150\" src=\"https:\/\/www.acsc.com.br\/santacatarina\/wp-content\/uploads\/sites\/2\/2023\/08\/DSC04755-150x150.jpg\" class=\"attachment-thumbnail size-thumbnail\" alt=\"\" \/><\/div><\/a><a class=\"w-gallery-item order_2\" href=\"https:\/\/www.acsc.com.br\/santacatarina\/wp-content\/uploads\/sites\/2\/2023\/08\/DSC04534.jpg\" title=\"DSC04534\"><div class=\"w-gallery-item-img\"><img loading=\"lazy\" decoding=\"async\" width=\"150\" height=\"150\" src=\"https:\/\/www.acsc.com.br\/santacatarina\/wp-content\/uploads\/sites\/2\/2023\/08\/DSC04534-150x150.jpg\" class=\"attachment-thumbnail size-thumbnail\" alt=\"\" \/><\/div><\/a><a class=\"w-gallery-item order_3\" href=\"https:\/\/www.acsc.com.br\/santacatarina\/wp-content\/uploads\/sites\/2\/2023\/08\/DSC04623.jpg\" title=\"DSC04623\"><div class=\"w-gallery-item-img\"><img loading=\"lazy\" decoding=\"async\" width=\"150\" height=\"150\" src=\"https:\/\/www.acsc.com.br\/santacatarina\/wp-content\/uploads\/sites\/2\/2023\/08\/DSC04623-150x150.jpg\" class=\"attachment-thumbnail size-thumbnail\" alt=\"\" \/><\/div><\/a><\/div><\/div>\n<\/div><\/div><\/div><\/div><\/div><\/div><\/section>\n","protected":false},"excerpt":{"rendered":"Ensino Fundamental I O processo de ensino-aprendizagem \u00e9 o instrumento mais importante no preparo do ser humano para o futuro. O Col\u00e9gio Santa Catarina, considerando fundamental a forma\u00e7\u00e3o pessoal e acad\u00eamica do indiv\u00edduo, mant\u00e9m propostas que desenvolvem a capacidade de reflex\u00e3o e a\u00e7\u00e3o, atrav\u00e9s do respeito e da \u00e9tica, fundamentais na forma\u00e7\u00e3o de pessoas conscientes...","protected":false},"author":1,"featured_media":0,"parent":0,"menu_order":0,"comment_status":"closed","ping_status":"closed","template":"","meta":{"_acf_changed":false,"footnotes":""},"class_list":["post-31","page","type-page","status-publish","hentry"],"acf":[],"_links":{"self":[{"href":"https:\/\/www.acsc.com.br\/santacatarina\/wp-json\/wp\/v2\/pages\/31","targetHints":{"allow":["GET"]}}],"collection":[{"href":"https:\/\/www.acsc.com.br\/santacatarina\/wp-json\/wp\/v2\/pages"}],"about":[{"href":"https:\/\/www.acsc.com.br\/santacatarina\/wp-json\/wp\/v2\/types\/page"}],"author":[{"embeddable":true,"href":"https:\/\/www.acsc.com.br\/santacatarina\/wp-json\/wp\/v2\/users\/1"}],"replies":[{"embeddable":true,"href":"https:\/\/www.acsc.com.br\/santacatarina\/wp-json\/wp\/v2\/comments?post=31"}],"version-history":[{"count":11,"href":"https:\/\/www.acsc.com.br\/santacatarina\/wp-json\/wp\/v2\/pages\/31\/revisions"}],"predecessor-version":[{"id":1243,"href":"https:\/\/www.acsc.com.br\/santacatarina\/wp-json\/wp\/v2\/pages\/31\/revisions\/1243"}],"wp:attachment":[{"href":"https:\/\/www.acsc.com.br\/santacatarina\/wp-json\/wp\/v2\/media?parent=31"}],"curies":[{"name":"wp","href":"https:\/\/api.w.org\/{rel}","templated":true}]}}