{"id":16,"date":"2023-03-25T09:00:36","date_gmt":"2023-03-25T12:00:36","guid":{"rendered":"https:\/\/www.acsc.com.br\/santacatarina\/?page_id=16"},"modified":"2025-05-28T16:34:29","modified_gmt":"2025-05-28T19:34:29","slug":"sobre-a-unidade","status":"publish","type":"page","link":"https:\/\/www.acsc.com.br\/santacatarina\/sobre-a-unidade\/","title":{"rendered":"Sobre a Unidade"},"content":{"rendered":"<section class=\"l-section wpb_row height_medium\"><div class=\"l-section-h i-cf\"><div class=\"g-cols vc_row via_grid cols_1 laptops-cols_inherit tablets-cols_inherit mobiles-cols_1 valign_top type_default stacking_default\"><div class=\"wpb_column vc_column_container\"><div class=\"vc_column-inner\"><div class=\"wpb_text_column\"><div class=\"wpb_wrapper\"><p style=\"text-align: justify;\"><b>O Col\u00e9gio<\/b><\/p>\n<p style=\"text-align: justify;\"><span style=\"font-weight: 400;\">O Col\u00e9gio Santa Catarina \u00e9 uma Institui\u00e7\u00e3o preocupada com o bem-estar de todos os seus professores, funcion\u00e1rios, pais e alunos, uma vez que essa grande fam\u00edlia \u00e9 a raz\u00e3o do nosso trabalho e da nossa caminhada de 125 anos de Educa\u00e7\u00e3o completados em julho de 2025.<\/span><\/p>\n<p style=\"text-align: justify;\"><span style=\"font-weight: 400;\">Nossa Escola empenha todos os esfor\u00e7os na Educa\u00e7\u00e3o centrada no sentido da vida e no processo da excel\u00eancia acad\u00eamica, pedag\u00f3gica e human\u00edstica, para justificar e qualificar as rela\u00e7\u00f5es pessoais, sociais, pol\u00edticas e transcendentais, a fim de que o ser humano aspire \u00e0 plenitude. Formar o aut\u00eantico crist\u00e3o, capaz de assumir a pr\u00f3pria hist\u00f3ria, num relacionamento de vida nova que tem a marca da fraternidade, da coragem e da autonomia. \u00c9 nossa grande meta!<\/span><\/p>\n<p style=\"text-align: justify;\"><span style=\"font-weight: 400;\">No Col\u00e9gio Santa Catarina, al\u00e9m dos valores crist\u00e3os human\u00edsticos do amor, do conhecimento e da forma\u00e7\u00e3o integral, buscamos a capacita\u00e7\u00e3o profissional diversificada.<\/span><\/p>\n<p style=\"text-align: justify;\"><span style=\"font-weight: 400;\">No \u201cSanta\u201d \u00e9 estimulado na crian\u00e7a, no adolescente, no jovem e no adulto a capacidade de refletir e agir por si s\u00f3 e coletivamente, atrav\u00e9s de uma postura cr\u00edtica, utilizando a criatividade, as habilidades pessoais e a vis\u00e3o de futuro.<\/span><\/p>\n<p>&nbsp;<\/p>\n<p><b>Nossa Filosofia<\/b><\/p>\n<p style=\"text-align: justify;\"><span style=\"font-weight: 400;\">As institui\u00e7\u00f5es Escolares das Irm\u00e3s de Santa Catarina, V.M., fundamentam sua miss\u00e3o em Jesus Cristo e seu Evangelho, inspiradas no carisma e na espiritualidade da fundadora da Congrega\u00e7\u00e3o, Bem-aventurada Regina Protmann e no testemunho de coragem e sabedoria da padroeira, Santa Catarina de Alexandria.<\/span><\/p>\n<p style=\"text-align: justify;\"><span style=\"font-weight: 400;\">Desenvolvem educa\u00e7\u00e3o: centrada no sentido da vida; no processo de excel\u00eancia acad\u00eamica, pedag\u00f3gica e human\u00edstica; para o autoconhecimento, a confian\u00e7a, a coragem e a autonomia; e para a forma\u00e7\u00e3o de um cidad\u00e3o \u00e9tico, aberto \u00e0 transcend\u00eancia, que aprende a amar a vida, o conhecimento e a cultura.<\/span><\/p>\n<p>&nbsp;<\/p>\n<p><b>Nossa Miss\u00e3o<\/b><\/p>\n<p style=\"text-align: justify;\"><span style=\"font-weight: 400;\">Promover e consolidar Educa\u00e7\u00e3o como processo de crescimento humano-crist\u00e3o e profissional, tendo como base os Valores Evang\u00e9licos a Ci\u00eancia e Tecnologia para interagir com compet\u00eancia, sustentabilidade e responsabilidade social.<\/span><\/p>\n<p>&nbsp;<\/p>\n<p><b>Nossa Vis\u00e3o<\/b><\/p>\n<p><span style=\"font-weight: 400;\">Ser refer\u00eancia em Educa\u00e7\u00e3o, com princ\u00edpios e valores crist\u00e3os.<\/span><\/p>\n<p>&nbsp;<\/p>\n<p><b>Nossos Valores<\/b><\/p>\n<ul>\n<li style=\"font-weight: 400;\" aria-level=\"1\"><span style=\"font-weight: 400;\">Conhecimento cient\u00edfico e tecnol\u00f3gico<\/span><\/li>\n<li style=\"font-weight: 400;\" aria-level=\"1\"><span style=\"font-weight: 400;\">Di\u00e1logo-educativo<\/span><\/li>\n<li style=\"font-weight: 400;\" aria-level=\"1\"><span style=\"font-weight: 400;\">Escola em Pastoral<\/span><\/li>\n<li style=\"font-weight: 400;\" aria-level=\"1\"><span style=\"font-weight: 400;\">\u00c9tica<\/span><\/li>\n<li style=\"font-weight: 400;\" aria-level=\"1\"><span style=\"font-weight: 400;\">Excel\u00eancia do e no saber<\/span><\/li>\n<li style=\"font-weight: 400;\" aria-level=\"1\"><span style=\"font-weight: 400;\">F\u00e9 e espiritualidade: crer e agir<\/span><\/li>\n<li style=\"font-weight: 400;\" aria-level=\"1\"><span style=\"font-weight: 400;\">Respeito \u00e0 diversidade<\/span><\/li>\n<li style=\"font-weight: 400;\" aria-level=\"1\"><span style=\"font-weight: 400;\">Solidariedade e responsabilidade<\/span><\/li>\n<li style=\"font-weight: 400;\" aria-level=\"1\"><span style=\"font-weight: 400;\">Sustentabilidade<\/span><\/li>\n<\/ul>\n<\/div><\/div><\/div><\/div><\/div><\/div><\/section><section class=\"l-section wpb_row height_medium\"><div class=\"l-section-h i-cf\"><div class=\"g-cols vc_row via_grid cols_1 laptops-cols_inherit tablets-cols_inherit mobiles-cols_1 valign_top type_default stacking_default\"><div class=\"wpb_column vc_column_container\"><div class=\"vc_column-inner\"><div class=\"wpb_text_column\"><div class=\"wpb_wrapper\"><div class=\"w-gallery cols_5 link_file\"><div class=\"w-gallery-list\"><a class=\"w-gallery-item order_1\" href=\"https:\/\/www.acsc.com.br\/santacatarina\/wp-content\/uploads\/sites\/2\/2023\/08\/P2330684.jpg\" title=\"P2330684\"><div class=\"w-gallery-item-img\"><img loading=\"lazy\" decoding=\"async\" width=\"800\" height=\"534\" src=\"https:\/\/www.acsc.com.br\/santacatarina\/wp-content\/uploads\/sites\/2\/2023\/08\/P2330684.jpg\" class=\"attachment-full size-full\" alt=\"\" srcset=\"https:\/\/www.acsc.com.br\/santacatarina\/wp-content\/uploads\/sites\/2\/2023\/08\/P2330684.jpg 800w, https:\/\/www.acsc.com.br\/santacatarina\/wp-content\/uploads\/sites\/2\/2023\/08\/P2330684-300x200.jpg 300w\" sizes=\"auto, (max-width: 800px) 100vw, 800px\" \/><\/div><\/a><a class=\"w-gallery-item order_2\" href=\"https:\/\/www.acsc.com.br\/santacatarina\/wp-content\/uploads\/sites\/2\/2023\/08\/P2330689.jpg\" title=\"P2330689\"><div class=\"w-gallery-item-img\"><img loading=\"lazy\" decoding=\"async\" width=\"800\" height=\"534\" src=\"https:\/\/www.acsc.com.br\/santacatarina\/wp-content\/uploads\/sites\/2\/2023\/08\/P2330689.jpg\" class=\"attachment-full size-full\" alt=\"\" srcset=\"https:\/\/www.acsc.com.br\/santacatarina\/wp-content\/uploads\/sites\/2\/2023\/08\/P2330689.jpg 800w, https:\/\/www.acsc.com.br\/santacatarina\/wp-content\/uploads\/sites\/2\/2023\/08\/P2330689-300x200.jpg 300w\" sizes=\"auto, (max-width: 800px) 100vw, 800px\" \/><\/div><\/a><a class=\"w-gallery-item order_3\" href=\"https:\/\/www.acsc.com.br\/santacatarina\/wp-content\/uploads\/sites\/2\/2023\/08\/P2330680.jpg\" title=\"P2330680\"><div class=\"w-gallery-item-img\"><img loading=\"lazy\" decoding=\"async\" width=\"800\" height=\"534\" src=\"https:\/\/www.acsc.com.br\/santacatarina\/wp-content\/uploads\/sites\/2\/2023\/08\/P2330680.jpg\" class=\"attachment-full size-full\" alt=\"\" srcset=\"https:\/\/www.acsc.com.br\/santacatarina\/wp-content\/uploads\/sites\/2\/2023\/08\/P2330680.jpg 800w, https:\/\/www.acsc.com.br\/santacatarina\/wp-content\/uploads\/sites\/2\/2023\/08\/P2330680-300x200.jpg 300w\" sizes=\"auto, (max-width: 800px) 100vw, 800px\" \/><\/div><\/a><a class=\"w-gallery-item order_4\" href=\"https:\/\/www.acsc.com.br\/santacatarina\/wp-content\/uploads\/sites\/2\/2023\/08\/301556537_511057501020897_6015583716053032332_n.jpg\" title=\"301556537_511057501020897_6015583716053032332_n\"><div class=\"w-gallery-item-img\"><img loading=\"lazy\" decoding=\"async\" width=\"800\" height=\"533\" src=\"https:\/\/www.acsc.com.br\/santacatarina\/wp-content\/uploads\/sites\/2\/2023\/08\/301556537_511057501020897_6015583716053032332_n.jpg\" class=\"attachment-full size-full\" alt=\"\" srcset=\"https:\/\/www.acsc.com.br\/santacatarina\/wp-content\/uploads\/sites\/2\/2023\/08\/301556537_511057501020897_6015583716053032332_n.jpg 800w, https:\/\/www.acsc.com.br\/santacatarina\/wp-content\/uploads\/sites\/2\/2023\/08\/301556537_511057501020897_6015583716053032332_n-300x200.jpg 300w\" sizes=\"auto, (max-width: 800px) 100vw, 800px\" \/><\/div><\/a><a class=\"w-gallery-item order_5\" href=\"https:\/\/www.acsc.com.br\/santacatarina\/wp-content\/uploads\/sites\/2\/2023\/08\/DSCN0547.jpg\" title=\"DSCN0547\"><div class=\"w-gallery-item-img\"><img loading=\"lazy\" decoding=\"async\" width=\"800\" height=\"600\" src=\"https:\/\/www.acsc.com.br\/santacatarina\/wp-content\/uploads\/sites\/2\/2023\/08\/DSCN0547.jpg\" class=\"attachment-full size-full\" alt=\"\" srcset=\"https:\/\/www.acsc.com.br\/santacatarina\/wp-content\/uploads\/sites\/2\/2023\/08\/DSCN0547.jpg 800w, https:\/\/www.acsc.com.br\/santacatarina\/wp-content\/uploads\/sites\/2\/2023\/08\/DSCN0547-300x225.jpg 300w\" sizes=\"auto, (max-width: 800px) 100vw, 800px\" \/><\/div><\/a><\/div><\/div>\n<\/div><\/div><\/div><\/div><\/div><\/div><\/section>\n","protected":false},"excerpt":{"rendered":"O Col\u00e9gio O Col\u00e9gio Santa Catarina \u00e9 uma Institui\u00e7\u00e3o preocupada com o bem-estar de todos os seus professores, funcion\u00e1rios, pais e alunos, uma vez que essa grande fam\u00edlia \u00e9 a raz\u00e3o do nosso trabalho e da nossa caminhada de 125 anos de Educa\u00e7\u00e3o completados em julho de 2025. Nossa Escola empenha todos os esfor\u00e7os na...","protected":false},"author":1,"featured_media":0,"parent":0,"menu_order":0,"comment_status":"closed","ping_status":"closed","template":"","meta":{"_acf_changed":false,"footnotes":""},"class_list":["post-16","page","type-page","status-publish","hentry"],"acf":[],"_links":{"self":[{"href":"https:\/\/www.acsc.com.br\/santacatarina\/wp-json\/wp\/v2\/pages\/16","targetHints":{"allow":["GET"]}}],"collection":[{"href":"https:\/\/www.acsc.com.br\/santacatarina\/wp-json\/wp\/v2\/pages"}],"about":[{"href":"https:\/\/www.acsc.com.br\/santacatarina\/wp-json\/wp\/v2\/types\/page"}],"author":[{"embeddable":true,"href":"https:\/\/www.acsc.com.br\/santacatarina\/wp-json\/wp\/v2\/users\/1"}],"replies":[{"embeddable":true,"href":"https:\/\/www.acsc.com.br\/santacatarina\/wp-json\/wp\/v2\/comments?post=16"}],"version-history":[{"count":16,"href":"https:\/\/www.acsc.com.br\/santacatarina\/wp-json\/wp\/v2\/pages\/16\/revisions"}],"predecessor-version":[{"id":1264,"href":"https:\/\/www.acsc.com.br\/santacatarina\/wp-json\/wp\/v2\/pages\/16\/revisions\/1264"}],"wp:attachment":[{"href":"https:\/\/www.acsc.com.br\/santacatarina\/wp-json\/wp\/v2\/media?parent=16"}],"curies":[{"name":"wp","href":"https:\/\/api.w.org\/{rel}","templated":true}]}}